{"id":2404,"date":"2025-08-15T02:47:46","date_gmt":"2025-08-15T02:47:46","guid":{"rendered":"https:\/\/ccolonstg.wpenginepowered.com\/?post_type=cpt_services&#038;p=2404"},"modified":"2025-08-15T03:21:40","modified_gmt":"2025-08-15T03:21:40","slug":"caracter-propio","status":"publish","type":"cpt_services","link":"https:\/\/colon.mx\/index.php\/services\/caracter-propio\/","title":{"rendered":"Car\u00e1cter propio"},"content":{"rendered":"<div class=\"cc-acc\">\n<h4 data-start=\"181\" data-end=\"215\"><strong data-start=\"184\" data-end=\"213\">La Escuela como Comunidad<\/strong><\/h4>\n<p data-start=\"217\" data-end=\"486\">Se le denomina <strong data-start=\"232\" data-end=\"255\">Comunidad Educativa<\/strong> al conjunto de personas que forman parte de ella; la comunidad est\u00e1 integrada por: Sacerdotes, Personal Directivo, Alumnos, Personal Docente, Personal Administrativo, Personal de Servicios, Padres de Familia, as\u00ed como Exalumnos.<\/p>\n<p data-start=\"488\" data-end=\"579\">La escuela como comunidad es un <strong data-start=\"520\" data-end=\"561\">espacio de relaciones interpersonales<\/strong>, por ello debe:<\/p>\n<ul data-start=\"580\" data-end=\"1128\">\n<li data-start=\"580\" data-end=\"817\">\n<p data-start=\"582\" data-end=\"817\">Educar en actitudes de respeto, tolerancia, vida en com\u00fan, consideraci\u00f3n para con las diferencias del pr\u00f3jimo e implicaci\u00f3n en la vida civil, siempre en un ambiente imbuido de la verdad; esta es la verdadera tarea de nuestra escuela.<\/p>\n<\/li>\n<li data-start=\"818\" data-end=\"1021\">\n<p data-start=\"820\" data-end=\"1021\">Promover un ambiente humano con un alto valor educativo determinados por la capacidad de cooperaci\u00f3n, coordinaci\u00f3n de acciones y la se\u00f1alizaci\u00f3n de objetivos comunes que establezcan los responsables.<\/p>\n<\/li>\n<li data-start=\"1022\" data-end=\"1128\">\n<p data-start=\"1024\" data-end=\"1128\">Promover el compromiso de participaci\u00f3n en la comunidad educativa y es tarea de todos llevarlo a cabo.<\/p>\n<\/li>\n<\/ul>\n<div class=\"cc-acc\">\n<details class=\"cc-pad\">\n<summary><strong>La Comunidad Educativa se representa en acciones concretas por:<\/strong><\/summary>\n<ul>\n<li><em><strong>Nuestros Sacerdotes y Religiosos Escolapios<\/strong><\/em><\/li>\n<li><em><strong>Nuestros Directivos<\/strong><\/em><\/li>\n<li><em><strong>Nuestros Educadores<\/strong><\/em>\n<ul>\n<li>Docentes<\/li>\n<li>Coordinadores de Grado<\/li>\n<li>Tutores<\/li>\n<\/ul>\n<\/li>\n<li><em><strong>Nuestros Colaboradores de Servicios<\/strong><\/em>\n<ul>\n<li>Departamento de Desarrollo Acad\u00e9mico<\/li>\n<li>Departamento de Orientaci\u00f3n Educativa<\/li>\n<li>Departamento de Pastoral<\/li>\n<li>Departamento de Idiomas<\/li>\n<li>Servicios Escolares (secretarias, cajera)<\/li>\n<li>Caja<\/li>\n<li>M\u00e9dico Escolar<\/li>\n<li>Prefectura<\/li>\n<li>Responsable de Laboratorio<\/li>\n<li>Centro de Inform\u00e1tica<\/li>\n<li>Bibliotecario(a)<\/li>\n<li>Mantenimiento<\/li>\n<li>Vigilancia<\/li>\n<\/ul>\n<\/li>\n<li><em><strong>Nuestros Alumnos<\/strong><\/em><\/li>\n<li><em><strong>Nuestros Padres de Familia<\/strong><\/em><\/li>\n<li><em><strong>Nuestros Exalumnos Col\u00f3n<\/strong><\/em><\/li>\n<\/ul>\n<\/details>\n<\/div>\n","protected":false},"excerpt":{"rendered":"<p>La Escuela como Comunidad Se le denomina Comunidad Educativa al conjunto de personas que forman parte de ella; la comunidad est\u00e1 integrada por: Sacerdotes, Personal Directivo, Alumnos, Personal Docente, Personal Administrativo, Personal de Servicios, Padres de Familia, as\u00ed como Exalumnos.&hellip;<\/p>\n","protected":false},"author":1,"featured_media":0,"comment_status":"closed","ping_status":"closed","template":"","class_list":["post-2404","cpt_services","type-cpt_services","status-publish","hentry","cpt_services_group-filosofia"],"_links":{"self":[{"href":"https:\/\/colon.mx\/index.php\/wp-json\/wp\/v2\/cpt_services\/2404","targetHints":{"allow":["GET"]}}],"collection":[{"href":"https:\/\/colon.mx\/index.php\/wp-json\/wp\/v2\/cpt_services"}],"about":[{"href":"https:\/\/colon.mx\/index.php\/wp-json\/wp\/v2\/types\/cpt_services"}],"author":[{"embeddable":true,"href":"https:\/\/colon.mx\/index.php\/wp-json\/wp\/v2\/users\/1"}],"replies":[{"embeddable":true,"href":"https:\/\/colon.mx\/index.php\/wp-json\/wp\/v2\/comments?post=2404"}],"wp:attachment":[{"href":"https:\/\/colon.mx\/index.php\/wp-json\/wp\/v2\/media?parent=2404"}],"curies":[{"name":"wp","href":"https:\/\/api.w.org\/{rel}","templated":true}]}}