{"id":1296,"date":"2021-04-03T22:30:25","date_gmt":"2021-04-03T22:30:25","guid":{"rendered":"http:\/\/colonver.com\/?page_id=1296"},"modified":"2026-02-14T00:24:41","modified_gmt":"2026-02-14T00:24:41","slug":"quienes-somos","status":"publish","type":"page","link":"https:\/\/colon.mx\/index.php\/quienes-somos\/","title":{"rendered":"\u00bfQui\u00e9nes somos?"},"content":{"rendered":"<div class=\"wpb-content-wrapper\"><p>[vc_row full_width=&#8221;stretch_row&#8221; css=&#8221;.vc_custom_1731813802108{background-color: #F2F3F6 !important;}&#8221;][vc_column width=&#8221;1\/2&#8243;][\/vc_column][vc_column icons_position=&#8221;left&#8221; css=&#8221;.vc_custom_1731814022631{background-color: #F2F3F6 !important;}&#8221;]<div id=\"sc_title_1352483307\"\r\n\t\tclass=\"sc_title sc_title_default\"><h6 class=\"sc_item_subtitle sc_title_subtitle sc_align_center sc_item_title_style_default\">Colegio Crist\u00f3bal Col\u00f3n<\/h6><h2 class=\"sc_item_title sc_title_title sc_align_center sc_item_title_style_default sc_item_title_tag\">\u00bfQui\u00e9nes somos?<\/h2><\/div><!-- \/.sc_title -->[vc_empty_space hide_on_mobile=&#8221;&#8221; css=&#8221;.vc_custom_1633614257118{margin-bottom: 1.9rem !important;}&#8221;][vc_column_text css=&#8221;&#8221;]<\/p>\n<h5 style=\"text-align: center;\">El <strong>Colegio Crist\u00f3bal Col\u00f3n (CCC)<\/strong> es una instituci\u00f3n educativa de inspiraci\u00f3n cristiana, que integra cuatro secciones: <strong>Preescolar, Primaria, Secundaria y Bachillerato. <\/strong>Este Colegio es dirigido por la comunidad de Padres Escolapios, perteneciente a la Orden de los Cl\u00e9rigos Regulares de la Madre de Dios de las Escuelas P\u00edas fundadas por San Jos\u00e9 de Calasanz, en Roma.<\/h5>\n<p>[\/vc_column_text][\/vc_column][\/vc_row][vc_row full_width=&#8221;stretch_row&#8221; css=&#8221;.vc_custom_1731813730413{background-color: #F2F3F6 !important;}&#8221;][vc_column icons_position=&#8221;left&#8221;][vc_empty_space height=&#8221;0&#8243; alter_height=&#8221;huge&#8221; hide_on_mobile=&#8221;&#8221; css=&#8221;.vc_custom_1731813119011{margin-top: -5.3rem !important;}&#8221;]<div id=\"sc_services_337983540\" class=\"sc_services sc_services_list sc_services_featured_top\"><div class=\"sc_services_columns sc_item_columns sc_item_columns_4 trx_addons_columns_wrap\"><div class=\"trx_addons_column-1_4\"><div class=\"sc_services_item without_content with_icon sc_services_item_featured_top\">\r\n\t<a href=\"https:\/\/colon.mx\/index.php\/services\/flexible-schedule\/\"\r\n\t\t\t id=\"sc_services_337983540_icon-schedule\"\r\n\t\t\t class=\"sc_services_item_icon icon-schedule\"\r\n\t\t\t ><\/a>\t\r\n\t<div class=\"sc_services_item_info\">\r\n\t\t<div class=\"sc_services_item_header\">\r\n\t\t\t<h6 class=\"sc_services_item_title\"><a href=\"https:\/\/colon.mx\/index.php\/services\/flexible-schedule\/\">Horarios adecuados<\/a><\/h6>\r\n\t\t<\/div>\r\n\t\t\t<\/div>\r\n<\/div>\r\n<\/div><div class=\"trx_addons_column-1_4\"><div class=\"sc_services_item without_content with_icon sc_services_item_featured_top\">\r\n\t<a href=\"https:\/\/colon.mx\/index.php\/services\/accreditation\/\"\r\n\t\t\t id=\"sc_services_337983540_icon-accreditation\"\r\n\t\t\t class=\"sc_services_item_icon icon-accreditation\"\r\n\t\t\t ><\/a>\t\r\n\t<div class=\"sc_services_item_info\">\r\n\t\t<div class=\"sc_services_item_header\">\r\n\t\t\t<h6 class=\"sc_services_item_title\"><a href=\"https:\/\/colon.mx\/index.php\/services\/accreditation\/\">Acreditaciones<\/a><\/h6>\r\n\t\t<\/div>\r\n\t\t\t<\/div>\r\n<\/div>\r\n<\/div><div class=\"trx_addons_column-1_4\"><div class=\"sc_services_item without_content with_icon sc_services_item_featured_top\">\r\n\t<a href=\"https:\/\/colon.mx\/index.php\/services\/after-school-programs\/\"\r\n\t\t\t id=\"sc_services_337983540_icon-curriculum\"\r\n\t\t\t class=\"sc_services_item_icon icon-curriculum\"\r\n\t\t\t ><\/a>\t\r\n\t<div class=\"sc_services_item_info\">\r\n\t\t<div class=\"sc_services_item_header\">\r\n\t\t\t<h6 class=\"sc_services_item_title\"><a href=\"https:\/\/colon.mx\/index.php\/services\/after-school-programs\/\">Extracurriculares<\/a><\/h6>\r\n\t\t<\/div>\r\n\t\t\t<\/div>\r\n<\/div>\r\n<\/div><div class=\"trx_addons_column-1_4\"><div class=\"sc_services_item without_content with_icon sc_services_item_featured_top\">\r\n\t<a href=\"https:\/\/colon.mx\/index.php\/services\/proven-track-record\/\"\r\n\t\t\t id=\"sc_services_337983540_icon-thumbs-up-light\"\r\n\t\t\t class=\"sc_services_item_icon icon-thumbs-up-light\"\r\n\t\t\t ><\/a>\t\r\n\t<div class=\"sc_services_item_info\">\r\n\t\t<div class=\"sc_services_item_header\">\r\n\t\t\t<h6 class=\"sc_services_item_title\"><a href=\"https:\/\/colon.mx\/index.php\/services\/proven-track-record\/\">Convenios Empresariales<\/a><\/h6>\r\n\t\t<\/div>\r\n\t\t\t<\/div>\r\n<\/div>\r\n<\/div><\/div><\/div><!-- \/.sc_services -->[\/vc_column][\/vc_row][vc_row equal_height=&#8221;yes&#8221; content_placement=&#8221;middle&#8221;][vc_column][vc_empty_space alter_height=&#8221;medium&#8221; hide_on_mobile=&#8221;&#8221; css=&#8221;.vc_custom_1492510063224{margin-bottom: -0.7rem !important;}&#8221;][\/vc_column][vc_column width=&#8221;1\/2&#8243;][vc_single_image image=&#8221;1648&#8243; img_size=&#8221;full&#8221; css=&#8221;.vc_custom_1627592966489{margin-bottom: 0px !important;}&#8221;][vc_empty_space height=&#8221;0&#8243; alter_height=&#8221;none&#8221; hide_on_mobile=&#8221;&#8221; css=&#8221;.vc_custom_1493296689680{margin-bottom: 0px !important;}&#8221;][\/vc_column][vc_column width=&#8221;1\/2&#8243; css=&#8221;.vc_custom_1492510324008{padding-right: 7rem !important;}&#8221;][vc_empty_space alter_height=&#8221;small&#8221; hide_on_mobile=&#8221;&#8221;]<div id=\"sc_title_1915007864\"\r\n\t\tclass=\"sc_title sc_title_default\"><h6 class=\"sc_item_subtitle sc_title_subtitle sc_align_left sc_item_title_style_default\">Somos un colegio<\/h6><h3 class=\"sc_item_title sc_title_title sc_align_left sc_item_title_style_default\">Orgullosamente Escolapio<\/h3><\/div><!-- \/.sc_title -->[vc_empty_space alter_height=&#8221;small&#8221; hide_on_mobile=&#8221;&#8221; css=&#8221;.vc_custom_1492510104376{margin-bottom: 0.7rem !important;}&#8221;][vc_column_text css=&#8221;&#8221;]El lema del fundador es<strong> \u201cPiedad y letras\u201d<\/strong>, hoy traducido por <strong>\u201cFe y cultura\u201d<\/strong>, es decir, formar a los ni\u00f1os y j\u00f3venes en la fe cristiana y en los conocimientos humanos. Por esto,<strong> los Padres Escolapios procuramos la educaci\u00f3n integral de los alumnos y no solamente la instrucci\u00f3n acad\u00e9mica<\/strong>; y sus Obras se han extendido por todo el Mundo.<\/p>\n<p>La Provincia de las Escuelas P\u00edas en M\u00e9xico se integra por obras que contribuyen en la <strong>educaci\u00f3n integral y espiritual en el \u00e1mbito formal, no formal e informal<\/strong> en las siguientes ciudades del pa\u00eds: Celaya en Guanajuato, Ciudad de M\u00e9xico, Oaxaca, Apizaco y Santa Ana-Ocotl\u00e1n en Tlaxcala, Puebla y Veracruz, Ver.[\/vc_column_text][vc_empty_space alter_height=&#8221;large&#8221; hide_on_mobile=&#8221;&#8221;][\/vc_column][\/vc_row][vc_row full_width=&#8221;stretch_row&#8221; scheme=&#8221;dark&#8221; css=&#8221;.vc_custom_1646246929109{background-position: center !important;background-repeat: no-repeat !important;background-size: cover !important;}&#8221;][vc_column width=&#8221;5\/6&#8243; offset=&#8221;vc_col-lg-offset-1 vc_col-md-offset-1 vc_col-sm-offset-1&#8243;][vc_empty_space alter_height=&#8221;huge&#8221; hide_on_mobile=&#8221;&#8221; css=&#8221;.vc_custom_1492510873525{margin-bottom: -0.2rem !important;}&#8221;]<div class=\"sc_team sc_team_short\"><h6 class=\"sc_item_subtitle sc_team_subtitle sc_align_center sc_item_title_style_default\">Este es nuestro<\/h6><h1 class=\"sc_item_title sc_team_title sc_align_center sc_item_title_style_default sc_item_title_tag\">Equipo Directivo<\/h1><div class=\"sc_item_descr sc_team_descr sc_align_center\"><p>Conformado por personas que cuentan con m\u00e1s de 20 a\u00f1os de experiencia en el rubro educativo,<br \/>\nsiendo las l\u00edderes responsables de que sigamos en movimiento hacia una constante reinvenci\u00f3n.<\/p>\n<\/div><div class=\"sc_team_columns sc_item_columns trx_addons_columns_wrap columns_padding_bottom\"><div class=\"trx_addons_column-1_5\"><div class=\"sc_team_item\">\n\t\t<div class=\"sc_team_item_info\">\n\t\t<div class=\"sc_team_item_header\">\n\t\t\t<h4 class=\"sc_team_item_title\"><a href=\"https:\/\/colon.mx\/index.php\/team\/mtra-ines-gheno\/\">Mtra.  In\u00e9s Gheno<\/a><\/h4>\n\t\t\t<div class=\"sc_team_item_subtitle\">Directora de Bachillerato<\/div>\n\t\t<\/div>\n\t<\/div>\n<\/div>\n<\/div><div class=\"trx_addons_column-1_5\"><div class=\"sc_team_item\">\n\t\t<div class=\"sc_team_item_info\">\n\t\t<div class=\"sc_team_item_header\">\n\t\t\t<h4 class=\"sc_team_item_title\"><a href=\"https:\/\/colon.mx\/index.php\/team\/mtra-teresa-armas\/\">Mtra. Teresa Armas<\/a><\/h4>\n\t\t\t<div class=\"sc_team_item_subtitle\">Directora de Secundaria<\/div>\n\t\t<\/div>\n\t<\/div>\n<\/div>\n<\/div><div class=\"trx_addons_column-1_5\"><div class=\"sc_team_item\">\n\t\t<div class=\"sc_team_item_info\">\n\t\t<div class=\"sc_team_item_header\">\n\t\t\t<h4 class=\"sc_team_item_title\"><a href=\"https:\/\/colon.mx\/index.php\/team\/mtra-yolanda-guerrero\/\">Mtra. Yolanda Guerrero<\/a><\/h4>\n\t\t\t<div class=\"sc_team_item_subtitle\">Directora de Primaria<\/div>\n\t\t<\/div>\n\t<\/div>\n<\/div>\n<\/div><div class=\"trx_addons_column-1_5\"><div class=\"sc_team_item\">\n\t\t<div class=\"sc_team_item_info\">\n\t\t<div class=\"sc_team_item_header\">\n\t\t\t<h4 class=\"sc_team_item_title\"><a href=\"https:\/\/colon.mx\/index.php\/team\/mtra-bertha-montalvo\/\">Mtra. Bertha Montalvo<\/a><\/h4>\n\t\t\t<div class=\"sc_team_item_subtitle\">Directora de Preescolar<\/div>\n\t\t<\/div>\n\t<\/div>\n<\/div>\n<\/div><div class=\"trx_addons_column-1_5\"><div class=\"sc_team_item\">\n\t\t<div class=\"sc_team_item_info\">\n\t\t<div class=\"sc_team_item_header\">\n\t\t\t<h4 class=\"sc_team_item_title\"><a href=\"https:\/\/colon.mx\/index.php\/team\/emma-illescas\/\">Mtra. Emma Illescas<\/a><\/h4>\n\t\t\t<div class=\"sc_team_item_subtitle\">Directora General<\/div>\n\t\t<\/div>\n\t<\/div>\n<\/div>\n<\/div><\/div><\/div><!-- \/.sc_team -->[vc_empty_space alter_height=&#8221;large&#8221; hide_on_mobile=&#8221;&#8221; css=&#8221;.vc_custom_1492517008130{margin-bottom: -0.7rem !important;}&#8221;][\/vc_column][\/vc_row][vc_row full_width=&#8221;stretch_row&#8221; css=&#8221;.vc_custom_1489588967749{background-color: #f2f3f6 !important;}&#8221;][vc_column width=&#8221;2\/3&#8243; offset=&#8221;vc_col-lg-offset-2 vc_col-md-offset-2 vc_col-sm-offset-2&#8243;][vc_empty_space alter_height=&#8221;medium&#8221; hide_on_mobile=&#8221;&#8221; css=&#8221;.vc_custom_1731813051900{margin-bottom: -0.3rem !important;}&#8221;]<div class=\"sc_testimonials sc_testimonials_simple\"><h6 class=\"sc_item_subtitle sc_testimonials_subtitle sc_align_center sc_item_title_style_default\">Lo que dice la<\/h6><h2 class=\"sc_item_title sc_testimonials_title sc_align_center sc_item_title_style_default sc_item_title_tag\">Familia Col\u00f3n<\/h2><div class=\"sc_testimonials_slider sc_item_slider\tslider_swiper_outer slider_outer_nocontrols slider_outer_pagination slider_outer_pagination_custom slider_outer_pagination_pos_bottom slider_outer_one\">\r\n\t<div class=\"swiper-slider-container slider_swiper slider_noresize slider_nocontrols slider_pagination slider_pagination_custom slider_pagination_pos_bottom slider_one\" data-slides-min-width=\"150\" data-pagination=\"custom\">\r\n\t\t<div class=\"slides swiper-wrapper sc_item_columns_1\"><div class=\"swiper-slide\"><div class=\"sc_testimonials_item\">\r\n\t<div class=\"sc_testimonials_item_content\"><p>Ser mam\u00e1 de hijas Col\u00f3n ha sido una experiencia llena de <strong>orgullo<\/strong>. Desde el primer d\u00eda que llev\u00e9 a mis hijas al preescolar, sent\u00ed que pertenec\u00eda a una <strong>comunidad<\/strong> que fomenta lazos sinceros con otras familias.<br \/>\nVer a mis hijas contentas por convivir con sus compa\u00f1eros y aprender nuevas cosas me llena de <strong>felicidad<\/strong>. Estoy profundamente satisfecha con la formaci\u00f3n integral que han recibido bajo el <strong>carisma calasancio<\/strong>. Ser parte de esta comunidad es, sin duda, un privilegio.<\/p>\n<\/div>\r\n\t<div class=\"sc_testimonials_item_author\">\r\n\t\t<div class=\"sc_testimonials_item_author_data\">\r\n\t\t\t<h4 class=\"sc_testimonials_item_author_title\">Madre de familia<\/h4>\r\n\t\t\t<div class=\"sc_testimonials_item_author_subtitle\"><\/div>\r\n\t\t<\/div>\r\n\t<\/div>\r\n<\/div>\r\n<\/div><div class=\"swiper-slide\"><div class=\"sc_testimonials_item\">\r\n\t<div class=\"sc_testimonials_item_content\"><p>Mi experiencia como maestra en el <strong>Colegio Crist\u00f3bal Col\u00f3n<\/strong> ha sido maravillosa. Desde el primer d\u00eda, todo el personal me hizo sentir como en casa, y ahora puedo decir que se han convertido en mi <strong>familia<\/strong>.<br \/>\nCada d\u00eda, al llegar, soy recibida con una <strong>hermosa sonrisa<\/strong> por todo el personal, desde el guardia hasta el de intendencia. Caminar por los pasillos y encontrarme con mis <strong>exalumnos<\/strong>, quienes me saludan con tanto cari\u00f1o, llena mi coraz\u00f3n. Hoy reafirmo que el Col\u00f3n es mi <strong>segundo hogar<\/strong>, y me siento <strong>orgullosa<\/strong> de formar parte de esta comunidad.<\/p>\n<\/div>\r\n\t<div class=\"sc_testimonials_item_author\">\r\n\t\t<div class=\"sc_testimonials_item_author_data\">\r\n\t\t\t<h4 class=\"sc_testimonials_item_author_title\">Mtra. Rocil\u00fa<\/h4>\r\n\t\t\t<div class=\"sc_testimonials_item_author_subtitle\"><\/div>\r\n\t\t<\/div>\r\n\t<\/div>\r\n<\/div>\r\n<\/div><div class=\"swiper-slide\"><div class=\"sc_testimonials_item\">\r\n\t<div class=\"sc_testimonials_item_content\"><p>Ser maestro del <strong>Colegio Crist\u00f3bal Col\u00f3n<\/strong> ha sido una experiencia <strong>gratificante<\/strong> en todos los sentidos, no solo en lo laboral, sino tambi\u00e9n en lo espiritual. He conectado profundamente con los ideales del colegio, compartiendo su <strong>misi\u00f3n y visi\u00f3n<\/strong>.<br \/>\nGracias al Col\u00f3n, he vivido <strong>momentos inolvidables<\/strong>: retiros, campamentos, viajes, convivios, misas y torneos, por mencionar algunos. Estas experiencias me han permitido ser no solo maestro, sino un verdadero <strong>educador escolapio<\/strong>, sembrando en mis alumnos una semilla que trascienda para siempre.<\/p>\n<\/div>\r\n\t<div class=\"sc_testimonials_item_author\">\r\n\t\t<div class=\"sc_testimonials_item_author_data\">\r\n\t\t\t<h4 class=\"sc_testimonials_item_author_title\">Mtro. Paul<\/h4>\r\n\t\t\t<div class=\"sc_testimonials_item_author_subtitle\"><\/div>\r\n\t\t<\/div>\r\n\t<\/div>\r\n<\/div>\r\n<\/div><div class=\"swiper-slide\"><div class=\"sc_testimonials_item\">\r\n\t<div class=\"sc_testimonials_item_content\"><p>Nuestro santo patrono, <strong>San Jos\u00e9 de Calasanz<\/strong>, encontr\u00f3 en las calles de Roma la mejor manera de <strong>servir a Dios<\/strong>, inspir\u00e1ndome en mi camino como maestra. Al igual que \u00e9l, he descubierto mi <strong>misi\u00f3n<\/strong> al educar y acompa\u00f1ar a los ni\u00f1os y ni\u00f1as del colegio.<br \/>\nEl <strong>carisma calasancio<\/strong> me recuerda cada d\u00eda la importancia de servir desde el amor y la vocaci\u00f3n. Esto hace que mi labor sea no solo un trabajo, sino un compromiso con la formaci\u00f3n integral de cada estudiante.<\/p>\n<\/div>\r\n\t<div class=\"sc_testimonials_item_author\">\r\n\t\t<div class=\"sc_testimonials_item_author_data\">\r\n\t\t\t<h4 class=\"sc_testimonials_item_author_title\">Mtra. Yolanda A. Guerrero<\/h4>\r\n\t\t\t<div class=\"sc_testimonials_item_author_subtitle\"><\/div>\r\n\t\t<\/div>\r\n\t<\/div>\r\n<\/div>\r\n<\/div><\/div><\/div><div class=\"slider_pagination_wrap swiper-pagination\"><span class=\"swiper-pagination-button\" style=\"background-image: url(https:\/\/colon.mx\/wp-content\/uploads\/2021\/07\/nina-1-90x90.png);\"><\/span><span class=\"swiper-pagination-button\" style=\"background-image: url(https:\/\/colon.mx\/wp-content\/uploads\/2021\/07\/nina-90x90.png);\"><\/span><span class=\"swiper-pagination-button\" style=\"background-image: url(https:\/\/colon.mx\/wp-content\/uploads\/2021\/07\/chico-90x90.png);\"><\/span><span class=\"swiper-pagination-button\" style=\"background-image: url(https:\/\/colon.mx\/wp-content\/uploads\/2021\/07\/nina-2-90x90.png);\"><\/span><\/div><\/div><\/div><!-- \/.sc_testimonials -->[vc_empty_space alter_height=&#8221;medium&#8221; hide_on_mobile=&#8221;&#8221; css=&#8221;.vc_custom_1731813055798{margin-bottom: -0.1rem !important;}&#8221;][\/vc_column][\/vc_row]<\/p>\n<\/div>","protected":false},"excerpt":{"rendered":"<p>[vc_row full_width=&#8221;stretch_row&#8221; css=&#8221;.vc_custom_1731813802108{background-color: #F2F3F6 !important;}&#8221;][vc_column width=&#8221;1\/2&#8243;][\/vc_column][vc_column icons_position=&#8221;left&#8221; css=&#8221;.vc_custom_1731814022631{background-color: #F2F3F6 !important;}&#8221;][vc_empty_space hide_on_mobile=&#8221;&#8221; css=&#8221;.vc_custom_1633614257118{margin-bottom: 1.9rem !important;}&#8221;][vc_column_text css=&#8221;&#8221;] El Colegio Crist\u00f3bal Col\u00f3n (CCC) es una instituci\u00f3n educativa de inspiraci\u00f3n cristiana, que integra cuatro secciones: Preescolar, Primaria, Secundaria y Bachillerato. Este Colegio es dirigido&hellip;<\/p>\n","protected":false},"author":1,"featured_media":0,"parent":0,"menu_order":0,"comment_status":"closed","ping_status":"closed","template":"","meta":{"footnotes":""},"class_list":["post-1296","page","type-page","status-publish","hentry"],"_links":{"self":[{"href":"https:\/\/colon.mx\/index.php\/wp-json\/wp\/v2\/pages\/1296","targetHints":{"allow":["GET"]}}],"collection":[{"href":"https:\/\/colon.mx\/index.php\/wp-json\/wp\/v2\/pages"}],"about":[{"href":"https:\/\/colon.mx\/index.php\/wp-json\/wp\/v2\/types\/page"}],"author":[{"embeddable":true,"href":"https:\/\/colon.mx\/index.php\/wp-json\/wp\/v2\/users\/1"}],"replies":[{"embeddable":true,"href":"https:\/\/colon.mx\/index.php\/wp-json\/wp\/v2\/comments?post=1296"}],"version-history":[{"count":0,"href":"https:\/\/colon.mx\/index.php\/wp-json\/wp\/v2\/pages\/1296\/revisions"}],"wp:attachment":[{"href":"https:\/\/colon.mx\/index.php\/wp-json\/wp\/v2\/media?parent=1296"}],"curies":[{"name":"wp","href":"https:\/\/api.w.org\/{rel}","templated":true}]}}