{"id":28,"date":"2017-03-10T20:16:15","date_gmt":"2017-03-10T20:16:15","guid":{"rendered":"http:\/\/greenville.ancorathemes.com\/?page_id=28"},"modified":"2025-08-15T04:00:29","modified_gmt":"2025-08-15T04:00:29","slug":"nuestra-filosofia","status":"publish","type":"page","link":"https:\/\/colon.mx\/index.php\/nuestra-filosofia\/","title":{"rendered":"Nuestra Filosof\u00eda"},"content":{"rendered":"<div class=\"wpb-content-wrapper\"><p>[vc_row full_width=&#8221;stretch_row&#8221; css=&#8221;.vc_custom_1731813486000{background-color: #F2F3F6 !important;}&#8221;][vc_column][vc_empty_space height=&#8221;5px&#8221; alter_height=&#8221;large&#8221; hide_on_mobile=&#8221;&#8221;]<div id=\"sc_title_963666204\"\r\n\t\tclass=\"sc_title sc_title_default\"><h6 class=\"sc_item_subtitle sc_title_subtitle sc_align_center sc_item_title_style_default\">Bievenidos al<\/h6><h2 class=\"sc_item_title sc_title_title sc_align_center sc_item_title_style_default sc_item_title_tag\">Colegio Crist\u00f3bal Col\u00f3n<\/h2><\/div><!-- \/.sc_title -->[vc_empty_space hide_on_mobile=&#8221;&#8221; css=&#8221;.vc_custom_1618932455783{margin-bottom: 1.9rem !important;}&#8221;][vc_column_text]<\/p>\n<h5 style=\"text-align: center;\">Un Colegio perteneciente a la Orden de los <strong>ESCOLAPIOS &#8211; ESCUELAS P\u00cdAS<\/strong>, comunidad cristiana que tiene presencia a nivel internacional.<\/h5>\n<p>[\/vc_column_text][vc_empty_space hide_on_mobile=&#8221;&#8221; css=&#8221;.vc_custom_1618932455783{margin-bottom: 1.9rem !important;}&#8221;][vc_column_text]<\/p>\n<h5 style=\"text-align: center;\">El Colegio Crist\u00f3bal Col\u00f3n te da a conocer por partes, como es que lleva a cabo sus actividades as\u00ed como <strong>las propuestas de valor que la vuelven la instituci\u00f3n ideal para ti y tu familia.<\/strong><\/h5>\n<p>[\/vc_column_text][vc_empty_space alter_height=&#8221;large&#8221; hide_on_mobile=&#8221;&#8221; css=&#8221;.vc_custom_1618931713298{margin-bottom: 1.9rem !important;}&#8221;][\/vc_column][\/vc_row][vc_row][vc_column icons_position=&#8221;left&#8221;][vc_empty_space height=&#8221;0&#8243; alter_height=&#8221;none&#8221; hide_on_mobile=&#8221;&#8221; css=&#8221;.vc_custom_1492685935200{margin-top: -5.3rem !important;}&#8221;]<div id=\"sc_services_920806880\" class=\"sc_services sc_services_list sc_services_featured_top\"><div class=\"sc_services_columns sc_item_columns sc_item_columns_4 trx_addons_columns_wrap\"><div class=\"trx_addons_column-1_4\"><div class=\"sc_services_item without_content with_icon sc_services_item_featured_top\">\r\n\t<a href=\"https:\/\/colon.mx\/index.php\/services\/la-responsabilidad-educativa\/\"\r\n\t\t\t id=\"sc_services_920806880_icon-graduation-light\"\r\n\t\t\t class=\"sc_services_item_icon icon-graduation-light\"\r\n\t\t\t ><\/a>\t\r\n\t<div class=\"sc_services_item_info\">\r\n\t\t<div class=\"sc_services_item_header\">\r\n\t\t\t<h6 class=\"sc_services_item_title\"><a href=\"https:\/\/colon.mx\/index.php\/services\/la-responsabilidad-educativa\/\">La Responsabilidad Educativa<\/a><\/h6>\r\n\t\t<\/div>\r\n\t\t\t<\/div>\r\n<\/div>\r\n<\/div><div class=\"trx_addons_column-1_4\"><div class=\"sc_services_item without_content with_icon sc_services_item_featured_top\">\r\n\t<a href=\"https:\/\/colon.mx\/index.php\/services\/caracter-propio\/\"\r\n\t\t\t id=\"sc_services_920806880_icon-heart-light\"\r\n\t\t\t class=\"sc_services_item_icon icon-heart-light\"\r\n\t\t\t ><\/a>\t\r\n\t<div class=\"sc_services_item_info\">\r\n\t\t<div class=\"sc_services_item_header\">\r\n\t\t\t<h6 class=\"sc_services_item_title\"><a href=\"https:\/\/colon.mx\/index.php\/services\/caracter-propio\/\">Car\u00e1cter propio<\/a><\/h6>\r\n\t\t<\/div>\r\n\t\t\t<\/div>\r\n<\/div>\r\n<\/div><div class=\"trx_addons_column-1_4\"><div class=\"sc_services_item without_content with_icon sc_services_item_featured_top\">\r\n\t<a href=\"https:\/\/colon.mx\/index.php\/services\/ideario\/\"\r\n\t\t\t id=\"sc_services_920806880_icon-lightbulb-light\"\r\n\t\t\t class=\"sc_services_item_icon icon-lightbulb-light\"\r\n\t\t\t ><\/a>\t\r\n\t<div class=\"sc_services_item_info\">\r\n\t\t<div class=\"sc_services_item_header\">\r\n\t\t\t<h6 class=\"sc_services_item_title\"><a href=\"https:\/\/colon.mx\/index.php\/services\/ideario\/\">Ideario<\/a><\/h6>\r\n\t\t<\/div>\r\n\t\t\t<\/div>\r\n<\/div>\r\n<\/div><div class=\"trx_addons_column-1_4\"><div class=\"sc_services_item without_content with_icon sc_services_item_featured_top\">\r\n\t<a href=\"https:\/\/colon.mx\/index.php\/services\/filosofia-institucional\/\"\r\n\t\t\t id=\"sc_services_920806880_icon-doc-text\"\r\n\t\t\t class=\"sc_services_item_icon icon-doc-text\"\r\n\t\t\t ><\/a>\t\r\n\t<div class=\"sc_services_item_info\">\r\n\t\t<div class=\"sc_services_item_header\">\r\n\t\t\t<h6 class=\"sc_services_item_title\"><a href=\"https:\/\/colon.mx\/index.php\/services\/filosofia-institucional\/\">Filosof\u00eda Institucional<\/a><\/h6>\r\n\t\t<\/div>\r\n\t\t\t<\/div>\r\n<\/div>\r\n<\/div><\/div><\/div><!-- \/.sc_services -->[\/vc_column][\/vc_row][vc_row equal_height=&#8221;yes&#8221; content_placement=&#8221;middle&#8221;][vc_column][vc_empty_space alter_height=&#8221;medium&#8221; hide_on_mobile=&#8221;&#8221; css=&#8221;.vc_custom_1492510063224{margin-bottom: -0.7rem !important;}&#8221;][\/vc_column][vc_column width=&#8221;1\/2&#8243;][vc_single_image image=&#8221;1663&#8243; img_size=&#8221;full&#8221; css=&#8221;.vc_custom_1627594426115{margin-bottom: 0px !important;}&#8221;][vc_empty_space height=&#8221;0&#8243; alter_height=&#8221;none&#8221; hide_on_mobile=&#8221;&#8221; css=&#8221;.vc_custom_1493296689680{margin-bottom: 0px !important;}&#8221;][\/vc_column][vc_column width=&#8221;1\/2&#8243; css=&#8221;.vc_custom_1492510324008{padding-right: 7rem !important;}&#8221;][vc_empty_space alter_height=&#8221;small&#8221; hide_on_mobile=&#8221;&#8221;]<div id=\"sc_title_676744071\"\r\n\t\tclass=\"sc_title sc_title_default\"><h3 class=\"sc_item_title sc_title_title sc_align_center sc_item_title_style_default\">Nuestra Misi\u00f3n<\/h3><\/div><!-- \/.sc_title -->[vc_empty_space alter_height=&#8221;small&#8221; hide_on_mobile=&#8221;&#8221; css=&#8221;.vc_custom_1492510104376{margin-bottom: 0.7rem !important;}&#8221;][vc_column_text css=&#8221;&#8221;]<\/p>\n<p style=\"text-align: left;\">El <strong>Colegio Crist\u00f3bal Col\u00f3n<\/strong> es una comunidad educativa pastoral escolapia, que <strong>educa de manera integral a ni\u00f1os y adolescentes<\/strong>, para que sean actores de su vida, con la finalidad de<strong> transformar el mundo desde una mirada humana y espiritual.<\/strong><\/p>\n<p>[\/vc_column_text][vc_empty_space alter_height=&#8221;small&#8221; hide_on_mobile=&#8221;&#8221;][\/vc_column][vc_column][vc_empty_space alter_height=&#8221;medium&#8221; hide_on_mobile=&#8221;&#8221; css=&#8221;.vc_custom_1492510063224{margin-bottom: -0.7rem !important;}&#8221;][\/vc_column][\/vc_row][vc_row full_width=&#8221;stretch_row&#8221; equal_height=&#8221;yes&#8221; content_placement=&#8221;middle&#8221; css=&#8221;.vc_custom_1755223615797{background-color: #F2F3F6 !important;}&#8221;][vc_column][vc_empty_space alter_height=&#8221;medium&#8221; hide_on_mobile=&#8221;&#8221; css=&#8221;.vc_custom_1492510063224{margin-bottom: -0.7rem !important;}&#8221;][\/vc_column][vc_column width=&#8221;1\/2&#8243; css=&#8221;.vc_custom_1492510324008{padding-right: 7rem !important;}&#8221;][vc_empty_space alter_height=&#8221;small&#8221; hide_on_mobile=&#8221;&#8221;]<div id=\"sc_title_168361450\"\r\n\t\tclass=\"sc_title sc_title_default\"><h3 class=\"sc_item_title sc_title_title sc_align_center sc_item_title_style_default\">Nuestra Visi\u00f3n<\/h3><\/div><!-- \/.sc_title -->[vc_empty_space alter_height=&#8221;small&#8221; hide_on_mobile=&#8221;&#8221; css=&#8221;.vc_custom_1492510104376{margin-bottom: 0.7rem !important;}&#8221;][vc_column_text css=&#8221;&#8221;]<\/p>\n<p data-start=\"88\" data-end=\"175\">Ser una <strong data-start=\"96\" data-end=\"140\">comunidad educativa escolapia de calidad<\/strong> que manifiesta su <strong data-start=\"159\" data-end=\"172\">liderazgo<\/strong>:<\/p>\n<ul data-start=\"176\" data-end=\"763\">\n<li data-start=\"176\" data-end=\"344\">\n<p data-start=\"178\" data-end=\"344\"><strong data-start=\"178\" data-end=\"284\">Colocando en el centro de sus decisiones y acciones, las necesidades formativas de los ni\u00f1os y j\u00f3venes<\/strong>, principalmente aquellos en <strong data-start=\"313\" data-end=\"341\">estado de vulnerabilidad<\/strong>.<\/p>\n<\/li>\n<li data-start=\"345\" data-end=\"482\">\n<p data-start=\"347\" data-end=\"482\"><strong data-start=\"347\" data-end=\"362\">Acompa\u00f1ando<\/strong> a cada uno de los miembros de la comunidad educativa, en sus procesos de <strong data-start=\"436\" data-end=\"479\">maduraci\u00f3n y desarrollo humano integral<\/strong>.<\/p>\n<\/li>\n<li data-start=\"483\" data-end=\"593\">\n<p data-start=\"485\" data-end=\"593\"><strong data-start=\"485\" data-end=\"511\">Promoviendo y cuidando<\/strong> con un ambiente de <strong data-start=\"531\" data-end=\"590\">acogida, prevenci\u00f3n y promoci\u00f3n de la vida con dignidad<\/strong>.<\/p>\n<\/li>\n<li data-start=\"594\" data-end=\"689\">\n<p data-start=\"596\" data-end=\"689\"><strong data-start=\"596\" data-end=\"656\">Creando procesos de participaci\u00f3n voluntaria y solidaria<\/strong> en el <strong data-start=\"663\" data-end=\"686\">entorno veracruzano<\/strong>.<\/p>\n<\/li>\n<li data-start=\"690\" data-end=\"763\">\n<p data-start=\"692\" data-end=\"763\"><strong data-start=\"692\" data-end=\"745\">Impulsando procesos de renovaci\u00f3n y participaci\u00f3n<\/strong> como comunidad.<\/p>\n<\/li>\n<\/ul>\n<p>[\/vc_column_text][vc_empty_space alter_height=&#8221;small&#8221; hide_on_mobile=&#8221;&#8221;][\/vc_column][vc_column width=&#8221;1\/2&#8243;][vc_single_image image=&#8221;1662&#8243; img_size=&#8221;full&#8221; css=&#8221;.vc_custom_1627594362005{margin-bottom: 0px !important;}&#8221;][vc_empty_space height=&#8221;0&#8243; alter_height=&#8221;none&#8221; hide_on_mobile=&#8221;&#8221; css=&#8221;.vc_custom_1493296689680{margin-bottom: 0px !important;}&#8221;][\/vc_column][\/vc_row][vc_row equal_height=&#8221;yes&#8221; content_placement=&#8221;middle&#8221;][vc_column][vc_empty_space alter_height=&#8221;medium&#8221; hide_on_mobile=&#8221;&#8221; css=&#8221;.vc_custom_1492510063224{margin-bottom: -0.7rem !important;}&#8221;][\/vc_column][vc_column width=&#8221;1\/2&#8243;][vc_single_image image=&#8221;1663&#8243; img_size=&#8221;full&#8221; css=&#8221;.vc_custom_1627594426115{margin-bottom: 0px !important;}&#8221;][vc_empty_space height=&#8221;0&#8243; alter_height=&#8221;none&#8221; hide_on_mobile=&#8221;&#8221; css=&#8221;.vc_custom_1493296689680{margin-bottom: 0px !important;}&#8221;][\/vc_column][vc_column width=&#8221;1\/2&#8243; css=&#8221;.vc_custom_1492510324008{padding-right: 7rem !important;}&#8221;][vc_empty_space alter_height=&#8221;small&#8221; hide_on_mobile=&#8221;&#8221;]<div id=\"sc_title_1333677355\"\r\n\t\tclass=\"sc_title sc_title_default\"><h3 class=\"sc_item_title sc_title_title sc_align_center sc_item_title_style_default\">Nuestros Valores<\/h3><\/div><!-- \/.sc_title -->[vc_empty_space alter_height=&#8221;small&#8221; hide_on_mobile=&#8221;&#8221; css=&#8221;.vc_custom_1492510104376{margin-bottom: 0.7rem !important;}&#8221;][vc_column_text css=&#8221;&#8221;]<\/p>\n<ul>\n<li aria-level=\"1\">Centralidad en la<b> persona.<\/b><\/li>\n<li aria-level=\"1\"><b>Igualdad <\/b>del hombre y la mujer.<\/li>\n<li aria-level=\"1\">Relaciones personales basadas en<b> la libertad y la <\/b><b>justicia.<\/b><\/li>\n<li aria-level=\"1\">Aceptaci\u00f3n tolerante de la <b>diversidad.<\/b><\/li>\n<li aria-level=\"1\"><b>Solidaridad.<\/b><\/li>\n<li aria-level=\"1\">Cuidado del <b>medioambiente.<\/b><\/li>\n<\/ul>\n<p>[\/vc_column_text][vc_empty_space alter_height=&#8221;small&#8221; hide_on_mobile=&#8221;&#8221;][\/vc_column][vc_column][vc_empty_space alter_height=&#8221;medium&#8221; hide_on_mobile=&#8221;&#8221; css=&#8221;.vc_custom_1492510063224{margin-bottom: -0.7rem !important;}&#8221;][\/vc_column][\/vc_row][vc_row full_width=&#8221;stretch_row&#8221; css=&#8221;.vc_custom_1755223628157{background-color: #F2F3F6 !important;}&#8221;][vc_column][vc_empty_space alter_height=&#8221;small&#8221; hide_on_mobile=&#8221;&#8221; css=&#8221;.vc_custom_1618931477421{margin-bottom: 1.9rem !important;}&#8221;]<div id=\"sc_title_1716549576\"\r\n\t\tclass=\"sc_title sc_title_default\"><h6 class=\"sc_item_subtitle sc_title_subtitle sc_align_center sc_item_title_style_default\">Nuestro compromiso con la<\/h6><h2 class=\"sc_item_title sc_title_title sc_align_center sc_item_title_style_default sc_item_title_tag\">Labor Social<\/h2><\/div><!-- \/.sc_title -->[vc_empty_space hide_on_mobile=&#8221;&#8221; css=&#8221;.vc_custom_1618931857468{margin-bottom: 2.5rem !important;}&#8221;][vc_column_text]<\/p>\n<p style=\"text-align: center;\">Para nosotros, el <strong>Colegio Crist\u00f3bal Col\u00f3n<\/strong> la suma de esfuerzos siempre ser\u00e1 la clave del \u00e9xito, por eso nuestra comunidad es muy grande, mucho m\u00e1s grande de lo que muchos piensan.<\/p>\n<p style=\"text-align: center;\">Pertenece al Centro de Estudios Crist\u00f3bal Col\u00f3n, que abarca desde el preescolar hasta la universidad y dem\u00e1s instancias que portan con orgullo el escudo escolapio y unen esfuerzos en llegar a cumplir nuestra misi\u00f3n y nuestra visi\u00f3n.<\/p>\n<p style=\"text-align: center;\"><strong>Gracias a esta uni\u00f3n, hemos podido ayudar a muchas personas en el entorno de la sociedad veracruzana<\/strong>, d\u00e1ndole oportunidades al sector de la poblaci\u00f3n m\u00e1s necesitado a trav\u00e9s de nuestro <strong>Centro Social Calasanz<\/strong> ubicado en Las Bajadas, Mpio. de Veracruz, en el cual se da cita nuestro personal colaborador, as\u00ed como alumnos, exalumnos y muchos de los j\u00f3venes que integran las actividades de formaci\u00f3n y desarrollo integral.<\/p>\n<p style=\"text-align: center;\">A<strong>ll\u00ed se imparten regularizaciones, apoyo en las labores de tarea, actividades recreativas, talleres para las madres solteras de familia, alimento para quien sea que lo necesite, ense\u00f1anza de oficios<\/strong> y por supuesto, celebraciones eucar\u00edsticas para el sano desarrollo espiritual de las personas.<\/p>\n<p>[\/vc_column_text][vc_empty_space alter_height=&#8221;small&#8221; hide_on_mobile=&#8221;&#8221; css=&#8221;.vc_custom_1618931864359{margin-bottom: 2.5rem !important;}&#8221;][vc_images_carousel images=&#8221;1665,1666,1667,1668,1670,1671&#8243; img_size=&#8221;full&#8221; onclick=&#8221;link_no&#8221; speed=&#8221;2000&#8243; slides_per_view=&#8221;2&#8243; autoplay=&#8221;yes&#8221; hide_pagination_control=&#8221;yes&#8221; wrap=&#8221;yes&#8221;][vc_empty_space alter_height=&#8221;small&#8221; hide_on_mobile=&#8221;&#8221; css=&#8221;.vc_custom_1618931864359{margin-bottom: 2.5rem !important;}&#8221;][vc_column_text]<\/p>\n<p style=\"text-align: center;\"><strong>Tambi\u00e9n existen causas sociales a las que nuestros alumnos se suman, de la mano de asociaciones civiles en nuestra querida entidad<\/strong>, mismas que se encargan de realizar acciones ben\u00e9ficas en el \u00e1rea de la salud y de la educaci\u00f3n, para brindar bienestar a las familias veracruzanas. Un ejemplo de ellas es <strong>AMANC<\/strong>, con la cual muchos de nuestros alumnos apoyan recolectando materiales reciclables para el canjeo por recurso econ\u00f3mico y as\u00ed apoyar a muchas personas con c\u00e1ncer.<\/p>\n<p style=\"text-align: center;\">Por \u00faltimo pero no menos importante, <strong>en el colegio se han desarrollado diversos grupos infantiles y juveniles con el fin de poder apoyo en todos los aspectos: a los alumnos, a sus familias y a terceros<\/strong>; y es as\u00ed como ellos han realizado m\u00faltiples actividades para ayudar a un gran porcentaje de habitantes de la zona conurbada Veracruz-Boca Del R\u00edo.<\/p>\n<p style=\"text-align: center;\"><strong>Sabemos que la labor es dif\u00edcil y nunca termina, pero tambi\u00e9n estamos seguros de que nuestras labores son incansables.<\/strong><\/p>\n<p>[\/vc_column_text][vc_empty_space alter_height=&#8221;small&#8221; hide_on_mobile=&#8221;&#8221; css=&#8221;.vc_custom_1618932042921{margin-bottom: -4.6rem !important;}&#8221;][vc_empty_space alter_height=&#8221;large&#8221; hide_on_mobile=&#8221;&#8221; css=&#8221;.vc_custom_1492517355525{margin-bottom: 2rem !important;}&#8221;][\/vc_column][\/vc_row][vc_row full_width=&#8221;stretch_row&#8221;][vc_column width=&#8221;2\/3&#8243; offset=&#8221;vc_col-lg-offset-2 vc_col-md-offset-2 vc_col-sm-offset-2&#8243;][vc_empty_space height=&#8221;50px&#8221; alter_height=&#8221;small&#8221; hide_on_mobile=&#8221;&#8221; css=&#8221;.vc_custom_1755230410399{margin-bottom: -0.3rem !important;}&#8221;]<div class=\"sc_testimonials sc_testimonials_simple\"><h6 class=\"sc_item_subtitle sc_testimonials_subtitle sc_align_center sc_item_title_style_default\">Lo que dice la<\/h6><h1 class=\"sc_item_title sc_testimonials_title sc_align_center sc_item_title_style_default sc_item_title_tag\">Familia Col\u00f3n<\/h1><div class=\"sc_testimonials_slider sc_item_slider\tslider_swiper_outer slider_outer_nocontrols slider_outer_pagination slider_outer_pagination_custom slider_outer_pagination_pos_bottom slider_outer_one\">\r\n\t<div class=\"swiper-slider-container slider_swiper slider_noresize slider_nocontrols slider_pagination slider_pagination_custom slider_pagination_pos_bottom slider_one\" data-slides-min-width=\"150\" data-pagination=\"custom\">\r\n\t\t<div class=\"slides swiper-wrapper sc_item_columns_1\"><div class=\"swiper-slide\"><div class=\"sc_testimonials_item\">\r\n\t<div class=\"sc_testimonials_item_content\"><p>Ser mam\u00e1 de hijas Col\u00f3n ha sido una experiencia llena de <strong>orgullo<\/strong>. Desde el primer d\u00eda que llev\u00e9 a mis hijas al preescolar, sent\u00ed que pertenec\u00eda a una <strong>comunidad<\/strong> que fomenta lazos sinceros con otras familias.<br \/>\nVer a mis hijas contentas por convivir con sus compa\u00f1eros y aprender nuevas cosas me llena de <strong>felicidad<\/strong>. Estoy profundamente satisfecha con la formaci\u00f3n integral que han recibido bajo el <strong>carisma calasancio<\/strong>. Ser parte de esta comunidad es, sin duda, un privilegio.<\/p>\n<\/div>\r\n\t<div class=\"sc_testimonials_item_author\">\r\n\t\t<div class=\"sc_testimonials_item_author_data\">\r\n\t\t\t<h4 class=\"sc_testimonials_item_author_title\">Madre de familia<\/h4>\r\n\t\t\t<div class=\"sc_testimonials_item_author_subtitle\"><\/div>\r\n\t\t<\/div>\r\n\t<\/div>\r\n<\/div>\r\n<\/div><div class=\"swiper-slide\"><div class=\"sc_testimonials_item\">\r\n\t<div class=\"sc_testimonials_item_content\"><p>Mi experiencia como maestra en el <strong>Colegio Crist\u00f3bal Col\u00f3n<\/strong> ha sido maravillosa. Desde el primer d\u00eda, todo el personal me hizo sentir como en casa, y ahora puedo decir que se han convertido en mi <strong>familia<\/strong>.<br \/>\nCada d\u00eda, al llegar, soy recibida con una <strong>hermosa sonrisa<\/strong> por todo el personal, desde el guardia hasta el de intendencia. Caminar por los pasillos y encontrarme con mis <strong>exalumnos<\/strong>, quienes me saludan con tanto cari\u00f1o, llena mi coraz\u00f3n. Hoy reafirmo que el Col\u00f3n es mi <strong>segundo hogar<\/strong>, y me siento <strong>orgullosa<\/strong> de formar parte de esta comunidad.<\/p>\n<\/div>\r\n\t<div class=\"sc_testimonials_item_author\">\r\n\t\t<div class=\"sc_testimonials_item_author_data\">\r\n\t\t\t<h4 class=\"sc_testimonials_item_author_title\">Mtra. Rocil\u00fa<\/h4>\r\n\t\t\t<div class=\"sc_testimonials_item_author_subtitle\"><\/div>\r\n\t\t<\/div>\r\n\t<\/div>\r\n<\/div>\r\n<\/div><div class=\"swiper-slide\"><div class=\"sc_testimonials_item\">\r\n\t<div class=\"sc_testimonials_item_content\"><p>Ser maestro del <strong>Colegio Crist\u00f3bal Col\u00f3n<\/strong> ha sido una experiencia <strong>gratificante<\/strong> en todos los sentidos, no solo en lo laboral, sino tambi\u00e9n en lo espiritual. He conectado profundamente con los ideales del colegio, compartiendo su <strong>misi\u00f3n y visi\u00f3n<\/strong>.<br \/>\nGracias al Col\u00f3n, he vivido <strong>momentos inolvidables<\/strong>: retiros, campamentos, viajes, convivios, misas y torneos, por mencionar algunos. Estas experiencias me han permitido ser no solo maestro, sino un verdadero <strong>educador escolapio<\/strong>, sembrando en mis alumnos una semilla que trascienda para siempre.<\/p>\n<\/div>\r\n\t<div class=\"sc_testimonials_item_author\">\r\n\t\t<div class=\"sc_testimonials_item_author_data\">\r\n\t\t\t<h4 class=\"sc_testimonials_item_author_title\">Mtro. Paul<\/h4>\r\n\t\t\t<div class=\"sc_testimonials_item_author_subtitle\"><\/div>\r\n\t\t<\/div>\r\n\t<\/div>\r\n<\/div>\r\n<\/div><\/div><\/div><div class=\"slider_pagination_wrap swiper-pagination\"><span class=\"swiper-pagination-button\" style=\"background-image: url(https:\/\/colon.mx\/wp-content\/uploads\/2021\/07\/nina-1-90x90.png);\"><\/span><span class=\"swiper-pagination-button\" style=\"background-image: url(https:\/\/colon.mx\/wp-content\/uploads\/2021\/07\/nina-90x90.png);\"><\/span><span class=\"swiper-pagination-button\" style=\"background-image: url(https:\/\/colon.mx\/wp-content\/uploads\/2021\/07\/chico-90x90.png);\"><\/span><\/div><\/div><\/div><!-- \/.sc_testimonials -->[vc_empty_space alter_height=&#8221;small&#8221; hide_on_mobile=&#8221;&#8221; css=&#8221;.vc_custom_1618931541935{margin-bottom: -0.1rem !important;}&#8221;][\/vc_column][\/vc_row]<\/p>\n<\/div>","protected":false},"excerpt":{"rendered":"<p>[vc_row full_width=&#8221;stretch_row&#8221; css=&#8221;.vc_custom_1731813486000{background-color: #F2F3F6 !important;}&#8221;][vc_column][vc_empty_space height=&#8221;5px&#8221; alter_height=&#8221;large&#8221; hide_on_mobile=&#8221;&#8221;][vc_empty_space hide_on_mobile=&#8221;&#8221; css=&#8221;.vc_custom_1618932455783{margin-bottom: 1.9rem !important;}&#8221;][vc_column_text] Un Colegio perteneciente a la Orden de los ESCOLAPIOS &#8211; ESCUELAS P\u00cdAS, comunidad cristiana que tiene presencia a nivel internacional. [\/vc_column_text][vc_empty_space hide_on_mobile=&#8221;&#8221; css=&#8221;.vc_custom_1618932455783{margin-bottom: 1.9rem !important;}&#8221;][vc_column_text] El Colegio Crist\u00f3bal&hellip;<\/p>\n","protected":false},"author":1,"featured_media":0,"parent":0,"menu_order":0,"comment_status":"closed","ping_status":"closed","template":"","meta":{"footnotes":""},"class_list":["post-28","page","type-page","status-publish","hentry"],"_links":{"self":[{"href":"https:\/\/colon.mx\/index.php\/wp-json\/wp\/v2\/pages\/28","targetHints":{"allow":["GET"]}}],"collection":[{"href":"https:\/\/colon.mx\/index.php\/wp-json\/wp\/v2\/pages"}],"about":[{"href":"https:\/\/colon.mx\/index.php\/wp-json\/wp\/v2\/types\/page"}],"author":[{"embeddable":true,"href":"https:\/\/colon.mx\/index.php\/wp-json\/wp\/v2\/users\/1"}],"replies":[{"embeddable":true,"href":"https:\/\/colon.mx\/index.php\/wp-json\/wp\/v2\/comments?post=28"}],"version-history":[{"count":0,"href":"https:\/\/colon.mx\/index.php\/wp-json\/wp\/v2\/pages\/28\/revisions"}],"wp:attachment":[{"href":"https:\/\/colon.mx\/index.php\/wp-json\/wp\/v2\/media?parent=28"}],"curies":[{"name":"wp","href":"https:\/\/api.w.org\/{rel}","templated":true}]}}